{"id":844,"date":"2023-10-09T09:53:53","date_gmt":"2023-10-09T09:53:53","guid":{"rendered":"https:\/\/lejasdespapes.com\/le-domaine\/"},"modified":"2025-06-03T07:32:22","modified_gmt":"2025-06-03T07:32:22","slug":"le-domaine","status":"publish","type":"page","link":"https:\/\/lejasdespapes.com\/fr\/le-domaine\/","title":{"rendered":"Le domaine"},"content":{"rendered":"<div class=\"wpb-content-wrapper\"><p>[vc_section full_width=\u00a0\u00bbstretch_row\u00a0\u00bb el_class=\u00a0\u00bbblock-22 c1-bg\u00a0\u00bb][vc_row full_width=\u00a0\u00bbstretch_row\u00a0\u00bb css=\u00a0\u00bb.vc_custom_1702920923811{background-image: url(https:\/\/lejasdespapes.com\/wp-content\/uploads\/sites\/3\/2023\/12\/H1A5403-1-scaled.jpg?id=1195) !important;background-position: center !important;background-repeat: no-repeat !important;background-size: cover !important;}\u00a0\u00bb el_class=\u00a0\u00bbheading-row\u00a0\u00bb][vc_column][vc_column_text el_class=\u00a0\u00bbbreadcrumbs\u00a0\u00bb]<span><span><a href=\"https:\/\/lejasdespapes.com\/fr\/\">Home<\/a><\/span><\/span>[\/vc_column_text][vc_column_text el_class=\u00a0\u00bbsection-title\u00a0\u00bb]<span class=\"f1\">LE DOMAINE<\/span>[\/vc_column_text][\/vc_column][\/vc_row][vc_row][vc_column][vc_column_text][\/vc_column_text][\/vc_column][\/vc_row][\/vc_section][vc_section full_width=\u00a0\u00bbstretch_row\u00a0\u00bb el_class=\u00a0\u00bbblock-9-v2-small-img c1-bg\u00a0\u00bb][vc_row equal_height=\u00a0\u00bbyes\u00a0\u00bb content_placement=\u00a0\u00bbmiddle\u00a0\u00bb][vc_column width=\u00a0\u00bb1\/2&Prime; el_class=\u00a0\u00bbtext-col\u00a0\u00bb][vc_column_text el_class=\u00a0\u00bbtitle\u00a0\u00bb]<span class=\"f1 c3\">L\u2019histoire<\/span>[\/vc_column_text][vc_column_text css=\u00a0\u00bb\u00a0\u00bb el_class=\u00a0\u00bbtext\u00a0\u00bb]<span class=\"f2\">Le Jas des Papes a \u00e9t\u00e9 acquis en 2014 par Michel Audibert, premier membre de la famille \u00e0 s\u2019\u00e9tablir en dehors de l\u2019appellation Provence. Grand passionn\u00e9 des vins de la prestigieuse appellation Ch\u00e2teauneuf-du-Pape, Michel d\u00e9bute l\u2019aventure avec 6 hectares de vignes, avant d\u2019\u00e9tendre le domaine en 2017 \u00e0 une dizaine d\u2019hectares r\u00e9partis sur plusieurs parcelles.<br \/>\nLa configuration actuelle du vignoble, marqu\u00e9e par une belle diversit\u00e9 parcellaire, contribue \u00e0 la singularit\u00e9 et \u00e0 la richesse du terroir du Jas des Papes.<\/span><\/p>\n<p><span class=\"f2\">Il est aujourd\u2019hui conduit par le vigneron JP Meuwesen depuis 2015, grand connaisseur du terroir de Ch\u00e2teauneuf-du-Pape et engag\u00e9 au maintien de la biodiversit\u00e9 sur le vignoble.<\/span>[\/vc_column_text][\/vc_column][vc_column width=\u00a0\u00bb1\/2&Prime; el_class=\u00a0\u00bbimg-col\u00a0\u00bb][vc_single_image image=\u00a0\u00bb1052&Prime; img_size=\u00a0\u00bbfull\u00a0\u00bb el_class=\u00a0\u00bbimg-1&Prime;][vc_single_image image=\u00a0\u00bb1056&Prime; img_size=\u00a0\u00bbfull\u00a0\u00bb el_class=\u00a0\u00bbimg-2&Prime;][\/vc_column][\/vc_row][\/vc_section][vc_section full_width=\u00a0\u00bbstretch_row\u00a0\u00bb el_class=\u00a0\u00bbblock-2-v2 c1-bg\u00a0\u00bb][vc_row][vc_column][vc_column_text el_class=\u00a0\u00bbtext\u00a0\u00bb]<\/p>\n<p style=\"text-align: center;\"><span class=\"f2 f1 c4\">Le domaine du Jas des Papes, riche de la diversit\u00e9 de ses terroirs r\u00e9partis \u00e0 travers Ch\u00e2teauneuf-du-Pape, est reconnu pour ses vins bio d&rsquo;une grande finesse.<\/span><\/p>\n<p>[\/vc_column_text][\/vc_column][\/vc_row][\/vc_section][vc_section full_width=\u00a0\u00bbstretch_row\u00a0\u00bb el_class=\u00a0\u00bbblock-1 v-1-text-right c1-bg\u00a0\u00bb][vc_row equal_height=\u00a0\u00bbyes\u00a0\u00bb][vc_column width=\u00a0\u00bb1\/2&Prime; el_class=\u00a0\u00bbmy-col-1&Prime;][vc_row_inner equal_height=\u00a0\u00bbyes\u00a0\u00bb][vc_column_inner el_class=\u00a0\u00bbmy-sub-col-1&Prime; width=\u00a0\u00bb1\/2&Prime;][vc_single_image image=\u00a0\u00bb1060&Prime; img_size=\u00a0\u00bbfull\u00a0\u00bb][\/vc_column_inner][vc_column_inner el_class=\u00a0\u00bbmy-sub-col-2&Prime; width=\u00a0\u00bb1\/2&Prime;][vc_single_image image=\u00a0\u00bb992&Prime; img_size=\u00a0\u00bbfull\u00a0\u00bb][\/vc_column_inner][\/vc_row_inner][\/vc_column][vc_column width=\u00a0\u00bb1\/2&Prime; el_class=\u00a0\u00bbmy-col-2&Prime;][vc_column_text el_class=\u00a0\u00bbtitle\u00a0\u00bb]<span class=\"f1 c3\">le<\/span><br \/>\n<span class=\"f1 c4\">terroir<\/span>[\/vc_column_text][vc_column_text el_class=\u00a0\u00bbtext\u00a0\u00bb]<span class=\"f2\">Le domaine du Jas des Papes compte une dizaine d&rsquo;hectares sur l&rsquo;appellation Ch\u00e2teauneuf-du-Pape, regroup\u00e9s sur les lieux-dits des Saumades, Cabri\u00e8res, Montolivet et Boucoup. La diversit\u00e9 des parcelles, tant au niveau du relief et des sols, que de l&rsquo;exposition, offre une richesse unique et une ample palette aromatique. Le domaine couvre trois des quatre terroirs typiques de l&rsquo;appellation :<\/span>[\/vc_column_text][\/vc_column][\/vc_row][\/vc_section][vc_section full_width=\u00a0\u00bbstretch_row\u00a0\u00bb el_class=\u00a0\u00bbblock-11 c1-bg\u00a0\u00bb][vc_row gap=\u00a0\u00bb20&Prime; equal_height=\u00a0\u00bbyes\u00a0\u00bb el_class=\u00a0\u00bbmy-row\u00a0\u00bb][vc_column width=\u00a0\u00bb1\/3&Prime; el_class=\u00a0\u00bbmy-col\u00a0\u00bb][vc_column_text el_class=\u00a0\u00bbtitle\u00a0\u00bb]<span class=\"f1 c4\">Saumades<\/span>[\/vc_column_text][vc_column_text el_class=\u00a0\u00bbtext\u00a0\u00bb]<span class=\"f2\"> Son exposition plein Est permet aux vignes de b\u00e9n\u00e9ficier d&rsquo;un bel ensoleillement d\u00e8s le matin et jusqu&rsquo;en fin d&rsquo;apr\u00e8s-midi. Le sol argilo-sableux est particuli\u00e8rement propice \u00e0 l&rsquo;ancrage du syst\u00e8me racinaire des vignes, permettant une belles maturit\u00e9s des raisins<\/span>[\/vc_column_text][\/vc_column][vc_column width=\u00a0\u00bb1\/3&Prime; el_class=\u00a0\u00bbmy-col\u00a0\u00bb][vc_column_text el_class=\u00a0\u00bbtitle\u00a0\u00bb]<span class=\"f1 c4\">cabrires<\/span>[\/vc_column_text][vc_column_text el_class=\u00a0\u00bbtext\u00a0\u00bb]<span class=\"f2\">Les sols d&rsquo;argile rouge situ\u00e9s principalement au Nord de l&rsquo;appellation repr\u00e9sentent un terroir favorable au d\u00e9veloppement de la vigne. En effet, l&rsquo;argile constitue un r\u00e9servoir d&rsquo;eau et de nutriments indispensable \u00e0 leur bonne \u00e9volution.<\/span>[\/vc_column_text][\/vc_column][vc_column width=\u00a0\u00bb1\/3&Prime; el_class=\u00a0\u00bbmy-col\u00a0\u00bb][vc_column_text el_class=\u00a0\u00bbtitle\u00a0\u00bb]<span class=\"f1 c4\">plateau de montolivet et boucoup<\/span>[\/vc_column_text][vc_column_text el_class=\u00a0\u00bbtext\u00a0\u00bb]<span class=\"f2\">Les galets roul\u00e9s, symboles de Ch\u00e2teauneuf-du-Pape, apportent aux raisins des maturit\u00e9s harmonieuses et optimis\u00e9es gr\u00e2ce \u00e0 la chaleur du sol emmagasin\u00e9e la journ\u00e9e et redistribu\u00e9e la nuit. Cette couche de protection naturelle est reconnue pour sa qualit\u00e9 exceptionnelle de jus riches et concentr\u00e9s<\/span>[\/vc_column_text][\/vc_column][\/vc_row][\/vc_section][vc_section full_width=\u00a0\u00bbstretch_row\u00a0\u00bb el_class=\u00a0\u00bbblock-4-v2 c1-bg\u00a0\u00bb][vc_row equal_height=\u00a0\u00bbyes\u00a0\u00bb][vc_column width=\u00a0\u00bb1\/2&Prime; el_class=\u00a0\u00bbimg-col\u00a0\u00bb][vc_single_image image=\u00a0\u00bb1064&Prime; img_size=\u00a0\u00bbfull\u00a0\u00bb el_class=\u00a0\u00bbimg-1&Prime;][vc_single_image image=\u00a0\u00bb1306&Prime; img_size=\u00a0\u00bbfull\u00a0\u00bb el_class=\u00a0\u00bbimg-2&Prime;][\/vc_column][vc_column width=\u00a0\u00bb1\/2&Prime; el_class=\u00a0\u00bbtext-col\u00a0\u00bb][vc_column_text el_class=\u00a0\u00bbtitle\u00a0\u00bb]<span class=\"f1 c3\">Le<\/span><br \/>\n<span class=\"f1 c4\">vigneron<\/span>[\/vc_column_text][vc_column_text el_class=\u00a0\u00bbtext\u00a0\u00bb]<span class=\"f2\">JP Meuwesen<\/span><br \/>\n<span class=\"f2\">Vigneron du Domaine Le Jas des Papes<\/span><\/p>\n<p><span class=\"f2\">Originaire de la grande r\u00e9gion viticole de Stellenbosch en Afrique du Sud, JP est un passionn\u00e9 de vin et un grand connaisseur de l\u2019appellation Ch\u00e2teauneuf-du-Pape. Pour lui, ce sont des vins de caract\u00e8re qui trouvent leur \u00e9quilibre entre puissance et finesse.<\/span><\/p>\n<p><span class=\"f2\">Pour JP, le vin c\u2019est sa fa\u00e7on de se connecter au monde, une mani\u00e8re stimulante et enrichissante d\u2019interagir avec la nature et avec les autres.<\/span><\/p>\n<p><span class=\"f2\">Sa vision ? \u00ab Produire des vins francs et d\u00e9licieux en \u00e9vitant les additifs, dans une approche biologique qui favorise la biodiversit\u00e9 du vignoble et l\u2019\u00e9quilibre de ses sols. \u00bb<\/span>[\/vc_column_text][\/vc_column][\/vc_row][\/vc_section][vc_section full_width=\u00a0\u00bbstretch_row\u00a0\u00bb el_class=\u00a0\u00bbblock-1 v-2-text-left c1-bg\u00a0\u00bb][vc_row equal_height=\u00a0\u00bbyes\u00a0\u00bb][vc_column width=\u00a0\u00bb1\/2&Prime; el_class=\u00a0\u00bbmy-col-2&Prime;][vc_column_text el_class=\u00a0\u00bbtitle\u00a0\u00bb]<span class=\"f1 c3\">notre<\/span><br \/>\n<span class=\"f1 c4\">philosophie bio<\/span>[\/vc_column_text][vc_column_text el_class=\u00a0\u00bbtext\u00a0\u00bb]<span class=\"f2\">Nos vignes sont travaill\u00e9es dans le plus strict respect de l&rsquo;environnement. La volont\u00e9 d&rsquo;adopter une d\u00e9marche en agriculture biologique a \u00e9t\u00e9 prise d\u00e8s l&rsquo;acquisition du domaine par la Famille Audibert en 2014. C&rsquo;est ainsi que le domaine est certifi\u00e9 Bio Ecocert depuis 2017.<\/span>[\/vc_column_text][\/vc_column][vc_column width=\u00a0\u00bb1\/2&Prime; el_class=\u00a0\u00bbmy-col-1&Prime;][vc_row_inner equal_height=\u00a0\u00bbyes\u00a0\u00bb][vc_column_inner el_class=\u00a0\u00bbmy-sub-col-2&Prime; width=\u00a0\u00bb1\/2&Prime;][vc_single_image image=\u00a0\u00bb788&Prime; img_size=\u00a0\u00bbfull\u00a0\u00bb][\/vc_column_inner][vc_column_inner el_class=\u00a0\u00bbmy-sub-col-1&Prime; width=\u00a0\u00bb1\/2&Prime;][vc_single_image image=\u00a0\u00bb1069&Prime; img_size=\u00a0\u00bbfull\u00a0\u00bb][\/vc_column_inner][\/vc_row_inner][\/vc_column][\/vc_row][\/vc_section][vc_section full_width=\u00a0\u00bbstretch_row\u00a0\u00bb el_class=\u00a0\u00bbblock-8 c2-bg\u00a0\u00bb][vc_row equal_height=\u00a0\u00bbyes\u00a0\u00bb content_placement=\u00a0\u00bbmiddle\u00a0\u00bb][vc_column width=\u00a0\u00bb1\/2&Prime;][vc_column_text el_class=\u00a0\u00bbsection-title\u00a0\u00bb]<\/p>\n<p style=\"text-align: left;\"><span class=\"f1 c3\">abonnez-vous \u00e0 la<\/span><br \/>\n<span class=\"f1 c4\">newsletter<\/span><\/p>\n<p>[\/vc_column_text][\/vc_column][vc_column width=\u00a0\u00bb1\/2&Prime;][vc_column_text el_class=\u00a0\u00bbform-desc\u00a0\u00bb]<span class=\"f2\">Recevez en avant premi\u00e8re toute notre actualit\u00e9s ainsi que des offres exceptionnelles toute l\u2019ann\u00e9e.<\/span>[\/vc_column_text]\n<div class=\"wpcf7 no-js\" id=\"wpcf7-f683-o1\" lang=\"en-US\" dir=\"ltr\" data-wpcf7-id=\"683\">\n<div class=\"screen-reader-response\"><p role=\"status\" aria-live=\"polite\" aria-atomic=\"true\"><\/p> <ul><\/ul><\/div>\n<form action=\"\/fr\/wp-json\/wp\/v2\/pages\/844#wpcf7-f683-o1\" method=\"post\" class=\"wpcf7-form init\" aria-label=\"Contact form\" novalidate=\"novalidate\" data-status=\"init\">\n<fieldset class=\"hidden-fields-container\"><input type=\"hidden\" name=\"_wpcf7\" value=\"683\" \/><input type=\"hidden\" name=\"_wpcf7_version\" value=\"6.1.5\" \/><input type=\"hidden\" name=\"_wpcf7_locale\" value=\"en_US\" \/><input type=\"hidden\" name=\"_wpcf7_unit_tag\" value=\"wpcf7-f683-o1\" \/><input type=\"hidden\" name=\"_wpcf7_container_post\" value=\"0\" \/><input type=\"hidden\" name=\"_wpcf7_posted_data_hash\" value=\"\" \/><input type=\"hidden\" name=\"_wpcf7_recaptcha_response\" value=\"\" \/>\n<\/fieldset>\n<span class=\"wpcf7-form-control-wrap\" data-name=\"your-email\"><input size=\"40\" maxlength=\"400\" class=\"wpcf7-form-control wpcf7-email wpcf7-validates-as-required wpcf7-text wpcf7-validates-as-email\" autocomplete=\"email\" aria-required=\"true\" aria-invalid=\"false\" placeholder=\"Email\" value=\"\" type=\"email\" name=\"your-email\" \/><\/span>\n<div class=\"btn-icon c4\">\n<button type=\"submit\"><\/button>\n<\/div><div class=\"wpcf7-response-output\" aria-hidden=\"true\"><\/div>\n<\/form>\n<\/div>\n[\/vc_column][\/vc_row][\/vc_section]<\/p>\n<\/div>","protected":false},"excerpt":{"rendered":"<p>[vc_section full_width=\u00a0\u00bbstretch_row\u00a0\u00bb el_class=\u00a0\u00bbblock-22 c1-bg\u00a0\u00bb][vc_row full_width=\u00a0\u00bbstretch_row\u00a0\u00bb css=\u00a0\u00bb.vc_custom_1702920923811{background-image: url(https:\/\/lejasdespapes.com\/wp-content\/uploads\/sites\/3\/2023\/12\/H1A5403-1-scaled.jpg?id=1195) !important;background-position: center !important;background-repeat: no-repeat !important;background-size: cover !important;}\u00a0\u00bb el_class=\u00a0\u00bbheading-row\u00a0\u00bb][vc_column][vc_column_text el_class=\u00a0\u00bbbreadcrumbs\u00a0\u00bb][\/vc_column_text][vc_column_text el_class=\u00a0\u00bbsection-title\u00a0\u00bb]LE DOMAINE[\/vc_column_text][\/vc_column][\/vc_row][vc_row][vc_column][vc_column_text][\/vc_column_text][\/vc_column][\/vc_row][\/vc_section][vc_section full_width=\u00a0\u00bbstretch_row\u00a0\u00bb el_class=\u00a0\u00bbblock-9-v2-small-img c1-bg\u00a0\u00bb][vc_row equal_height=\u00a0\u00bbyes\u00a0\u00bb content_placement=\u00a0\u00bbmiddle\u00a0\u00bb][vc_column width=\u00a0\u00bb1\/2&Prime; el_class=\u00a0\u00bbtext-col\u00a0\u00bb][vc_column_text el_class=\u00a0\u00bbtitle\u00a0\u00bb]L\u2019histoire[\/vc_column_text][vc_column_text css=\u00a0\u00bb\u00a0\u00bb el_class=\u00a0\u00bbtext\u00a0\u00bb]Le Jas des Papes a \u00e9t\u00e9 acquis en 2014 par Michel Audibert, premier membre de la famille \u00e0 s\u2019\u00e9tablir en dehors de l\u2019appellation Provence. Grand passionn\u00e9 des vins [&hellip;]<\/p>\n","protected":false},"author":1,"featured_media":0,"parent":0,"menu_order":0,"comment_status":"closed","ping_status":"closed","template":"","meta":{"_acf_changed":false,"footnotes":""},"class_list":["post-844","page","type-page","status-publish","hentry"],"acf":[],"yoast_head":"<!-- This site is optimized with the Yoast SEO plugin v27.3 - https:\/\/yoast.com\/product\/yoast-seo-wordpress\/ -->\n<title>Le domaine - lejasdespapes<\/title>\n<meta name=\"robots\" content=\"index, follow, max-snippet:-1, max-image-preview:large, max-video-preview:-1\" \/>\n<link rel=\"canonical\" href=\"https:\/\/lejasdespapes.com\/fr\/le-domaine\/\" \/>\n<meta property=\"og:locale\" content=\"fr_FR\" \/>\n<meta property=\"og:type\" content=\"article\" \/>\n<meta property=\"og:title\" content=\"Le domaine - lejasdespapes\" \/>\n<meta property=\"og:description\" content=\"[vc_section full_width=\u00a0\u00bbstretch_row\u00a0\u00bb el_class=\u00a0\u00bbblock-22 c1-bg\u00a0\u00bb][vc_row full_width=\u00a0\u00bbstretch_row\u00a0\u00bb css=\u00a0\u00bb.vc_custom_1702920923811{background-image: url(https:\/\/lejasdespapes.com\/wp-content\/uploads\/sites\/3\/2023\/12\/H1A5403-1-scaled.jpg?id=1195) !important;background-position: center !important;background-repeat: no-repeat !important;background-size: cover !important;}\u00a0\u00bb el_class=\u00a0\u00bbheading-row\u00a0\u00bb][vc_column][vc_column_text el_class=\u00a0\u00bbbreadcrumbs\u00a0\u00bb][\/vc_column_text][vc_column_text el_class=\u00a0\u00bbsection-title\u00a0\u00bb]LE DOMAINE[\/vc_column_text][\/vc_column][\/vc_row][vc_row][vc_column][vc_column_text][\/vc_column_text][\/vc_column][\/vc_row][\/vc_section][vc_section full_width=\u00a0\u00bbstretch_row\u00a0\u00bb el_class=\u00a0\u00bbblock-9-v2-small-img c1-bg\u00a0\u00bb][vc_row equal_height=\u00a0\u00bbyes\u00a0\u00bb content_placement=\u00a0\u00bbmiddle\u00a0\u00bb][vc_column width=\u00a0\u00bb1\/2&Prime; el_class=\u00a0\u00bbtext-col\u00a0\u00bb][vc_column_text el_class=\u00a0\u00bbtitle\u00a0\u00bb]L\u2019histoire[\/vc_column_text][vc_column_text css=\u00a0\u00bb\u00a0\u00bb el_class=\u00a0\u00bbtext\u00a0\u00bb]Le Jas des Papes a \u00e9t\u00e9 acquis en 2014 par Michel Audibert, premier membre de la famille \u00e0 s\u2019\u00e9tablir en dehors de l\u2019appellation Provence. Grand passionn\u00e9 des vins [&hellip;]\" \/>\n<meta property=\"og:url\" content=\"https:\/\/lejasdespapes.com\/fr\/le-domaine\/\" \/>\n<meta property=\"og:site_name\" content=\"lejasdespapes\" \/>\n<meta property=\"article:modified_time\" content=\"2025-06-03T07:32:22+00:00\" \/>\n<meta name=\"twitter:card\" content=\"summary_large_image\" \/>\n<meta name=\"twitter:label1\" content=\"Dur\u00e9e de lecture estim\u00e9e\" \/>\n\t<meta name=\"twitter:data1\" content=\"5 minutes\" \/>\n<script type=\"application\/ld+json\" class=\"yoast-schema-graph\">{\"@context\":\"https:\\\/\\\/schema.org\",\"@graph\":[{\"@type\":\"WebPage\",\"@id\":\"https:\\\/\\\/lejasdespapes.com\\\/fr\\\/le-domaine\\\/\",\"url\":\"https:\\\/\\\/lejasdespapes.com\\\/fr\\\/le-domaine\\\/\",\"name\":\"Le domaine - lejasdespapes\",\"isPartOf\":{\"@id\":\"https:\\\/\\\/lejasdespapes.com\\\/#website\"},\"datePublished\":\"2023-10-09T09:53:53+00:00\",\"dateModified\":\"2025-06-03T07:32:22+00:00\",\"breadcrumb\":{\"@id\":\"https:\\\/\\\/lejasdespapes.com\\\/fr\\\/le-domaine\\\/#breadcrumb\"},\"inLanguage\":\"fr-FR\",\"potentialAction\":[{\"@type\":\"ReadAction\",\"target\":[\"https:\\\/\\\/lejasdespapes.com\\\/fr\\\/le-domaine\\\/\"]}]},{\"@type\":\"BreadcrumbList\",\"@id\":\"https:\\\/\\\/lejasdespapes.com\\\/fr\\\/le-domaine\\\/#breadcrumb\",\"itemListElement\":[{\"@type\":\"ListItem\",\"position\":1,\"name\":\"Home\",\"item\":\"https:\\\/\\\/lejasdespapes.com\\\/fr\\\/\"},{\"@type\":\"ListItem\",\"position\":2,\"name\":\"Le domaine\"}]},{\"@type\":\"WebSite\",\"@id\":\"https:\\\/\\\/lejasdespapes.com\\\/#website\",\"url\":\"https:\\\/\\\/lejasdespapes.com\\\/\",\"name\":\"lejasdespapes\",\"description\":\"\",\"potentialAction\":[{\"@type\":\"SearchAction\",\"target\":{\"@type\":\"EntryPoint\",\"urlTemplate\":\"https:\\\/\\\/lejasdespapes.com\\\/?s={search_term_string}\"},\"query-input\":{\"@type\":\"PropertyValueSpecification\",\"valueRequired\":true,\"valueName\":\"search_term_string\"}}],\"inLanguage\":\"fr-FR\"}]}<\/script>\n<!-- \/ Yoast SEO plugin. -->","yoast_head_json":{"title":"Le domaine - lejasdespapes","robots":{"index":"index","follow":"follow","max-snippet":"max-snippet:-1","max-image-preview":"max-image-preview:large","max-video-preview":"max-video-preview:-1"},"canonical":"https:\/\/lejasdespapes.com\/fr\/le-domaine\/","og_locale":"fr_FR","og_type":"article","og_title":"Le domaine - lejasdespapes","og_description":"[vc_section full_width=\u00a0\u00bbstretch_row\u00a0\u00bb el_class=\u00a0\u00bbblock-22 c1-bg\u00a0\u00bb][vc_row full_width=\u00a0\u00bbstretch_row\u00a0\u00bb css=\u00a0\u00bb.vc_custom_1702920923811{background-image: url(https:\/\/lejasdespapes.com\/wp-content\/uploads\/sites\/3\/2023\/12\/H1A5403-1-scaled.jpg?id=1195) !important;background-position: center !important;background-repeat: no-repeat !important;background-size: cover !important;}\u00a0\u00bb el_class=\u00a0\u00bbheading-row\u00a0\u00bb][vc_column][vc_column_text el_class=\u00a0\u00bbbreadcrumbs\u00a0\u00bb][\/vc_column_text][vc_column_text el_class=\u00a0\u00bbsection-title\u00a0\u00bb]LE DOMAINE[\/vc_column_text][\/vc_column][\/vc_row][vc_row][vc_column][vc_column_text][\/vc_column_text][\/vc_column][\/vc_row][\/vc_section][vc_section full_width=\u00a0\u00bbstretch_row\u00a0\u00bb el_class=\u00a0\u00bbblock-9-v2-small-img c1-bg\u00a0\u00bb][vc_row equal_height=\u00a0\u00bbyes\u00a0\u00bb content_placement=\u00a0\u00bbmiddle\u00a0\u00bb][vc_column width=\u00a0\u00bb1\/2&Prime; el_class=\u00a0\u00bbtext-col\u00a0\u00bb][vc_column_text el_class=\u00a0\u00bbtitle\u00a0\u00bb]L\u2019histoire[\/vc_column_text][vc_column_text css=\u00a0\u00bb\u00a0\u00bb el_class=\u00a0\u00bbtext\u00a0\u00bb]Le Jas des Papes a \u00e9t\u00e9 acquis en 2014 par Michel Audibert, premier membre de la famille \u00e0 s\u2019\u00e9tablir en dehors de l\u2019appellation Provence. Grand passionn\u00e9 des vins [&hellip;]","og_url":"https:\/\/lejasdespapes.com\/fr\/le-domaine\/","og_site_name":"lejasdespapes","article_modified_time":"2025-06-03T07:32:22+00:00","twitter_card":"summary_large_image","twitter_misc":{"Dur\u00e9e de lecture estim\u00e9e":"5 minutes"},"schema":{"@context":"https:\/\/schema.org","@graph":[{"@type":"WebPage","@id":"https:\/\/lejasdespapes.com\/fr\/le-domaine\/","url":"https:\/\/lejasdespapes.com\/fr\/le-domaine\/","name":"Le domaine - lejasdespapes","isPartOf":{"@id":"https:\/\/lejasdespapes.com\/#website"},"datePublished":"2023-10-09T09:53:53+00:00","dateModified":"2025-06-03T07:32:22+00:00","breadcrumb":{"@id":"https:\/\/lejasdespapes.com\/fr\/le-domaine\/#breadcrumb"},"inLanguage":"fr-FR","potentialAction":[{"@type":"ReadAction","target":["https:\/\/lejasdespapes.com\/fr\/le-domaine\/"]}]},{"@type":"BreadcrumbList","@id":"https:\/\/lejasdespapes.com\/fr\/le-domaine\/#breadcrumb","itemListElement":[{"@type":"ListItem","position":1,"name":"Home","item":"https:\/\/lejasdespapes.com\/fr\/"},{"@type":"ListItem","position":2,"name":"Le domaine"}]},{"@type":"WebSite","@id":"https:\/\/lejasdespapes.com\/#website","url":"https:\/\/lejasdespapes.com\/","name":"lejasdespapes","description":"","potentialAction":[{"@type":"SearchAction","target":{"@type":"EntryPoint","urlTemplate":"https:\/\/lejasdespapes.com\/?s={search_term_string}"},"query-input":{"@type":"PropertyValueSpecification","valueRequired":true,"valueName":"search_term_string"}}],"inLanguage":"fr-FR"}]}},"_links":{"self":[{"href":"https:\/\/lejasdespapes.com\/fr\/wp-json\/wp\/v2\/pages\/844","targetHints":{"allow":["GET"]}}],"collection":[{"href":"https:\/\/lejasdespapes.com\/fr\/wp-json\/wp\/v2\/pages"}],"about":[{"href":"https:\/\/lejasdespapes.com\/fr\/wp-json\/wp\/v2\/types\/page"}],"author":[{"embeddable":true,"href":"https:\/\/lejasdespapes.com\/fr\/wp-json\/wp\/v2\/users\/1"}],"replies":[{"embeddable":true,"href":"https:\/\/lejasdespapes.com\/fr\/wp-json\/wp\/v2\/comments?post=844"}],"version-history":[{"count":4,"href":"https:\/\/lejasdespapes.com\/fr\/wp-json\/wp\/v2\/pages\/844\/revisions"}],"predecessor-version":[{"id":1652,"href":"https:\/\/lejasdespapes.com\/fr\/wp-json\/wp\/v2\/pages\/844\/revisions\/1652"}],"wp:attachment":[{"href":"https:\/\/lejasdespapes.com\/fr\/wp-json\/wp\/v2\/media?parent=844"}],"curies":[{"name":"wp","href":"https:\/\/api.w.org\/{rel}","templated":true}]}}